{"id":330,"date":"2016-02-29T13:10:37","date_gmt":"2016-02-29T13:10:37","guid":{"rendered":"http:\/\/test.kriesi.at\/travel\/?page_id=2"},"modified":"2024-05-21T18:39:20","modified_gmt":"2024-05-21T18:39:20","slug":"welcome","status":"publish","type":"page","link":"http:\/\/sitiems.org\/index.php\/welcome\/","title":{"rendered":"Inicio"},"content":{"rendered":"<div id='full_slider_1' class='avia-fullwidth-slider main_color avia-shadow   avia-builder-el-0  el_before_av_blog  avia-builder-el-first   container_wrap sidebar_right' style=' '  ><div  data-size='no scaling'  data-lightbox_size='large'  data-animation='slide'  data-conditional_play=''  data-ids='5385,5518,'  data-video_counter='1'  data-autoplay='true'  data-bg_slider='false'  data-slide_height=''  data-handle='av_slideshow_full'  data-interval='4'  data-class=' '  data-css_id=''  data-scroll_down=''  data-control_layout='av-control-minimal'  data-custom_markup=''  data-perma_caption=''  data-autoplay_stopper='1'  data-image_attachment=''  data-min_height='0px'  data-src=''  data-position='top left'  data-repeat='no-repeat'  data-attach='scroll'  data-stretch=''  class='avia-slideshow avia-slideshow-1  av-control-minimal av-default-height-applied avia-slideshow-no scaling av_slideshow_full   avia-slide-slider '  itemprop=\"image\" itemscope=\"itemscope\" itemtype=\"https:\/\/schema.org\/ImageObject\" ><ul class='avia-slideshow-inner ' style='padding-bottom: 58.854166666667%;' ><li  class=' slide-1 ' ><a href='http:\/\/sitiems.org\/index.php\/director\/' data-rel='slideshow-1' class='avia-slide-wrap '   ><img src='http:\/\/sitiems.org\/wp-content\/uploads\/2023\/10\/comite_2023.jpg' width='1920' height='1130' title='comite_2023' alt=''  itemprop=\"thumbnailUrl\"   \/><div class='av-click-to-play-overlay'><div class=\"avia_playpause_icon\"><\/div><\/div><\/a><\/li><li  class=' slide-2 ' ><a href='http:\/\/sitiems.org\/index.php\/sin-categoria\/item\/ayudemos-a-acapulco\/' data-rel='slideshow-1' class='avia-slide-wrap '   ><img src='http:\/\/sitiems.org\/wp-content\/uploads\/2023\/10\/acapulco.jpeg' width='1131' height='1600' title='acapulco' alt=''  itemprop=\"thumbnailUrl\"   \/><div class='av-click-to-play-overlay'><div class=\"avia_playpause_icon\"><\/div><\/div><\/a><\/li><li  data-controls='' data-mute='' data-loop='' data-disable-autoplay=''  data-video-ratio='1.7777777777778' class=' av-video-slide  av-video-service-html5  av-mobile-fallback-image slide-3 ' ><div data-rel='slideshow-1' class='avia-slide-wrap '   ><div class='av-click-overlay'><\/div><video class=\"avia_video\"  autoplay  preload=\"auto\"  controls id=\"player_330_709845927_165870081\" >\t<source src=\"http:\/\/sitiems.org\/wp-content\/uploads\/2024\/05\/video_marcha.mp4\" type=\"video\/mp4\" \/><\/video><div class='av-click-to-play-overlay'><div class=\"avia_playpause_icon\"><\/div><\/div><\/div><\/li><\/ul><div class='avia-slideshow-arrows avia-slideshow-controls'><a href='#prev' class='prev-slide' aria-hidden='true' data-av_icon='\ue87c' data-av_iconfont='entypo-fontello'>Previous<\/a><a href='#next' class='next-slide' aria-hidden='true' data-av_icon='\ue87d' data-av_iconfont='entypo-fontello'>Next<\/a><\/div><div class='avia-slideshow-dots avia-slideshow-controls'><a href='#1' class='goto-slide active' >1<\/a><a href='#2' class='goto-slide ' >2<\/a><a href='#3' class='goto-slide ' >3<\/a><\/div><\/div><\/div><div id='after_full_slider_1' class='main_color av_default_container_wrap container_wrap sidebar_right' style=' '  ><div class='container' ><div class='template-page content  av-content-small alpha units'><div class='post-entry post-entry-type-page post-entry-330'><div class='entry-content-wrapper clearfix'>\n<div  data-autoplay=''  data-interval='5'  data-animation='fade'  data-show_slide_delay='90'  class='avia-content-slider avia-content-grid-active avia-content-slider1 avia-content-slider-odd  avia-builder-el-1  el_after_av_slideshow_full  el_before_av_section  avia-builder-el-no-sibling   '  itemscope=\"itemscope\" itemtype=\"https:\/\/schema.org\/Blog\" ><div class='avia-content-slider-inner'><div class='slide-entry-wrap'><article class='slide-entry flex_column  post-entry post-entry-5652 slide-entry-overview slide-loop-1 slide-parity-odd  av_one_third first real-thumbnail'  itemscope=\"itemscope\" itemtype=\"https:\/\/schema.org\/BlogPosting\" itemprop=\"blogPost\" ><a href='http:\/\/sitiems.org\/index.php\/sgral\/item\/la-cedaw-en-los-derechos-de-las-trabajadoras\/' data-rel='slide-1' class='slide-image' title=''><img width=\"495\" height=\"400\" src=\"http:\/\/sitiems.org\/wp-content\/uploads\/2024\/11\/conversatorio-495x400.jpg\" class=\"attachment-portfolio size-portfolio wp-post-image\" alt=\"\" decoding=\"async\" srcset=\"http:\/\/sitiems.org\/wp-content\/uploads\/2024\/11\/conversatorio-495x400.jpg 495w, http:\/\/sitiems.org\/wp-content\/uploads\/2024\/11\/conversatorio-845x684.jpg 845w\" sizes=\"(max-width: 495px) 100vw, 495px\" \/><\/a><div class='slide-content'><header class=\"entry-content-header\"><span class=\"blog-categories minor-meta\"><a href=\"http:\/\/sitiems.org\/index.php\/category\/sgral\/\" rel=\"tag\">S General<\/a> <\/span><h3 class='slide-entry-title entry-title '  itemprop=\"headline\" ><a href='http:\/\/sitiems.org\/index.php\/sgral\/item\/la-cedaw-en-los-derechos-de-las-trabajadoras\/' title='La CEDAW en los derechos de las trabajadoras'>La CEDAW en los derechos de las trabajadoras<\/a><\/h3><span class=\"av-vertical-delimiter\"><\/span><\/header><div class='slide-entry-excerpt entry-content'  itemprop=\"text\" >\n\n\n\n\n\n<\/div><\/div><footer class=\"entry-footer\"><div class='slide-meta'><time class='slide-meta-time updated'  itemprop=\"datePublished\" datetime=\"2024-11-28T18:40:52+00:00\" ><\/time><\/div><\/footer><span class='hidden'>\n\t\t\t<span class='av-structured-data'  itemprop=\"image\" itemscope=\"itemscope\" itemtype=\"https:\/\/schema.org\/ImageObject\"  itemprop='image'>\n\t\t\t\t\t   <span itemprop='url' >http:\/\/sitiems.org\/wp-content\/uploads\/2024\/11\/conversatorio.jpg<\/span>\n\t\t\t\t\t   <span itemprop='height' >1600<\/span>\n\t\t\t\t\t   <span itemprop='width' >1131<\/span>\n\t\t\t\t  <\/span><span class='av-structured-data'  itemprop=\"publisher\" itemtype=\"https:\/\/schema.org\/Organization\" itemscope=\"itemscope\" >\n\t\t\t\t<span itemprop='name'>administrador<\/span>\n\t\t\t\t<span itemprop='logo' itemscope itemtype='https:\/\/schema.org\/ImageObject'>\n\t\t\t\t   <span itemprop='url'>http:\/\/sitiems.org\/wp-content\/uploads\/2023\/08\/logo_siti.png<\/span>\n\t\t\t\t <\/span>\n\t\t\t  <\/span><span class='av-structured-data'  itemprop=\"author\" itemscope=\"itemscope\" itemtype=\"https:\/\/schema.org\/Person\" ><span itemprop='name'>administrador<\/span><\/span><span class='av-structured-data'  itemprop=\"datePublished\" datetime=\"2023-10-25T17:21:42+00:00\" >2024-11-28 18:40:52<\/span><span class='av-structured-data'  itemprop=\"dateModified\" itemtype=\"https:\/\/schema.org\/dateModified\" >2024-11-28 18:40:52<\/span><span class='av-structured-data'  itemprop=\"mainEntityOfPage\" itemtype=\"https:\/\/schema.org\/mainEntityOfPage\" ><span itemprop='name'>La CEDAW en los derechos de las trabajadoras<\/span><\/span><\/span><\/article><article class='slide-entry flex_column  post-entry post-entry-5646 slide-entry-overview slide-loop-2 slide-parity-even  av_one_third  real-thumbnail'  itemscope=\"itemscope\" itemtype=\"https:\/\/schema.org\/BlogPosting\" itemprop=\"blogPost\" ><a href='http:\/\/sitiems.org\/index.php\/sgral\/item\/asamblea-general-extraordinaria\/' data-rel='slide-1' class='slide-image' title=''><img width=\"495\" height=\"400\" src=\"http:\/\/sitiems.org\/wp-content\/uploads\/2024\/11\/convocatoria-495x400.jpg\" class=\"attachment-portfolio size-portfolio wp-post-image\" alt=\"\" decoding=\"async\" srcset=\"http:\/\/sitiems.org\/wp-content\/uploads\/2024\/11\/convocatoria-495x400.jpg 495w, http:\/\/sitiems.org\/wp-content\/uploads\/2024\/11\/convocatoria-845x684.jpg 845w\" sizes=\"(max-width: 495px) 100vw, 495px\" \/><\/a><div class='slide-content'><header class=\"entry-content-header\"><span class=\"blog-categories minor-meta\"><a href=\"http:\/\/sitiems.org\/index.php\/category\/sgral\/\" rel=\"tag\">S General<\/a> <\/span><h3 class='slide-entry-title entry-title '  itemprop=\"headline\" ><a href='http:\/\/sitiems.org\/index.php\/sgral\/item\/asamblea-general-extraordinaria\/' title='ASAMBLEA GENERAL EXTRAORDINARIA'>ASAMBLEA GENERAL EXTRAORDINARIA<\/a><\/h3><span class=\"av-vertical-delimiter\"><\/span><\/header><div class='slide-entry-excerpt entry-content'  itemprop=\"text\" >\n\n\n\n\n\n<\/div><\/div><footer class=\"entry-footer\"><div class='slide-meta'><time class='slide-meta-time updated'  itemprop=\"datePublished\" datetime=\"2024-11-23T19:39:11+00:00\" ><\/time><\/div><\/footer><span class='hidden'>\n\t\t\t<span class='av-structured-data'  itemprop=\"image\" itemscope=\"itemscope\" itemtype=\"https:\/\/schema.org\/ImageObject\"  itemprop='image'>\n\t\t\t\t\t   <span itemprop='url' >http:\/\/sitiems.org\/wp-content\/uploads\/2024\/11\/convocatoria.jpg<\/span>\n\t\t\t\t\t   <span itemprop='height' >1280<\/span>\n\t\t\t\t\t   <span itemprop='width' >998<\/span>\n\t\t\t\t  <\/span><span class='av-structured-data'  itemprop=\"publisher\" itemtype=\"https:\/\/schema.org\/Organization\" itemscope=\"itemscope\" >\n\t\t\t\t<span itemprop='name'>administrador<\/span>\n\t\t\t\t<span itemprop='logo' itemscope itemtype='https:\/\/schema.org\/ImageObject'>\n\t\t\t\t   <span itemprop='url'>http:\/\/sitiems.org\/wp-content\/uploads\/2023\/08\/logo_siti.png<\/span>\n\t\t\t\t <\/span>\n\t\t\t  <\/span><span class='av-structured-data'  itemprop=\"author\" itemscope=\"itemscope\" itemtype=\"https:\/\/schema.org\/Person\" ><span itemprop='name'>administrador<\/span><\/span><span class='av-structured-data'  itemprop=\"datePublished\" datetime=\"2023-10-25T17:21:42+00:00\" >2024-11-23 19:39:11<\/span><span class='av-structured-data'  itemprop=\"dateModified\" itemtype=\"https:\/\/schema.org\/dateModified\" >2024-11-23 19:41:05<\/span><span class='av-structured-data'  itemprop=\"mainEntityOfPage\" itemtype=\"https:\/\/schema.org\/mainEntityOfPage\" ><span itemprop='name'>ASAMBLEA GENERAL EXTRAORDINARIA<\/span><\/span><\/span><\/article><article class='slide-entry flex_column  post-entry post-entry-5642 slide-entry-overview slide-loop-3 slide-parity-odd  av_one_third  real-thumbnail'  itemscope=\"itemscope\" itemtype=\"https:\/\/schema.org\/BlogPosting\" itemprop=\"blogPost\" ><a href='http:\/\/sitiems.org\/index.php\/sgral\/item\/campana-trabajo-digno-derecho-de-las-mujeres-2\/' data-rel='slide-1' class='slide-image' title=''><img width=\"495\" height=\"400\" src=\"http:\/\/sitiems.org\/wp-content\/uploads\/2024\/11\/conversatorio1-495x400.jpg\" class=\"attachment-portfolio size-portfolio wp-post-image\" alt=\"\" decoding=\"async\" srcset=\"http:\/\/sitiems.org\/wp-content\/uploads\/2024\/11\/conversatorio1-495x400.jpg 495w, http:\/\/sitiems.org\/wp-content\/uploads\/2024\/11\/conversatorio1-845x684.jpg 845w\" sizes=\"(max-width: 495px) 100vw, 495px\" \/><\/a><div class='slide-content'><header class=\"entry-content-header\"><span class=\"blog-categories minor-meta\"><a href=\"http:\/\/sitiems.org\/index.php\/category\/sgral\/\" rel=\"tag\">S General<\/a> <\/span><h3 class='slide-entry-title entry-title '  itemprop=\"headline\" ><a href='http:\/\/sitiems.org\/index.php\/sgral\/item\/campana-trabajo-digno-derecho-de-las-mujeres-2\/' title='Campa\u00f1a Trabajo digno, derecho de las mujeres'>Campa\u00f1a Trabajo digno, derecho de las mujeres<\/a><\/h3><span class=\"av-vertical-delimiter\"><\/span><\/header><div class='slide-entry-excerpt entry-content'  itemprop=\"text\" >\n\n\n\n\n\n<\/div><\/div><footer class=\"entry-footer\"><div class='slide-meta'><time class='slide-meta-time updated'  itemprop=\"datePublished\" datetime=\"2024-11-21T23:41:26+00:00\" ><\/time><\/div><\/footer><span class='hidden'>\n\t\t\t<span class='av-structured-data'  itemprop=\"image\" itemscope=\"itemscope\" itemtype=\"https:\/\/schema.org\/ImageObject\"  itemprop='image'>\n\t\t\t\t\t   <span itemprop='url' >http:\/\/sitiems.org\/wp-content\/uploads\/2024\/11\/conversatorio1.jpg<\/span>\n\t\t\t\t\t   <span itemprop='height' >1600<\/span>\n\t\t\t\t\t   <span itemprop='width' >1131<\/span>\n\t\t\t\t  <\/span><span class='av-structured-data'  itemprop=\"publisher\" itemtype=\"https:\/\/schema.org\/Organization\" itemscope=\"itemscope\" >\n\t\t\t\t<span itemprop='name'>administrador<\/span>\n\t\t\t\t<span itemprop='logo' itemscope itemtype='https:\/\/schema.org\/ImageObject'>\n\t\t\t\t   <span itemprop='url'>http:\/\/sitiems.org\/wp-content\/uploads\/2023\/08\/logo_siti.png<\/span>\n\t\t\t\t <\/span>\n\t\t\t  <\/span><span class='av-structured-data'  itemprop=\"author\" itemscope=\"itemscope\" itemtype=\"https:\/\/schema.org\/Person\" ><span itemprop='name'>administrador<\/span><\/span><span class='av-structured-data'  itemprop=\"datePublished\" datetime=\"2023-10-25T17:21:42+00:00\" >2024-11-21 23:41:26<\/span><span class='av-structured-data'  itemprop=\"dateModified\" itemtype=\"https:\/\/schema.org\/dateModified\" >2024-11-21 23:41:26<\/span><span class='av-structured-data'  itemprop=\"mainEntityOfPage\" itemtype=\"https:\/\/schema.org\/mainEntityOfPage\" ><span itemprop='name'>Campa\u00f1a Trabajo digno, derecho de las mujeres<\/span><\/span><\/span><\/article><\/div><div class='slide-entry-wrap'><article class='slide-entry flex_column  post-entry post-entry-5639 slide-entry-overview slide-loop-4 slide-parity-odd  av_one_third first real-thumbnail'  itemscope=\"itemscope\" itemtype=\"https:\/\/schema.org\/BlogPosting\" itemprop=\"blogPost\" ><a href='http:\/\/sitiems.org\/index.php\/sgral\/item\/directorio-2023-2026\/' data-rel='slide-1' class='slide-image' title=''><img width=\"495\" height=\"400\" src=\"http:\/\/sitiems.org\/wp-content\/uploads\/2024\/11\/directorio-495x400.png\" class=\"attachment-portfolio size-portfolio wp-post-image\" alt=\"\" decoding=\"async\" srcset=\"http:\/\/sitiems.org\/wp-content\/uploads\/2024\/11\/directorio-495x400.png 495w, http:\/\/sitiems.org\/wp-content\/uploads\/2024\/11\/directorio-845x684.png 845w\" sizes=\"(max-width: 495px) 100vw, 495px\" \/><\/a><div class='slide-content'><header class=\"entry-content-header\"><span class=\"blog-categories minor-meta\"><a href=\"http:\/\/sitiems.org\/index.php\/category\/sgral\/\" rel=\"tag\">S General<\/a> <\/span><h3 class='slide-entry-title entry-title '  itemprop=\"headline\" ><a href='http:\/\/sitiems.org\/index.php\/sgral\/item\/directorio-2023-2026\/' title='DIRECTORIO 2023-2026'>DIRECTORIO 2023-2026<\/a><\/h3><span class=\"av-vertical-delimiter\"><\/span><\/header><div class='slide-entry-excerpt entry-content'  itemprop=\"text\" >\n\n\n\n\n\n<\/div><\/div><footer class=\"entry-footer\"><div class='slide-meta'><time class='slide-meta-time updated'  itemprop=\"datePublished\" datetime=\"2024-11-14T00:05:59+00:00\" ><\/time><\/div><\/footer><span class='hidden'>\n\t\t\t<span class='av-structured-data'  itemprop=\"image\" itemscope=\"itemscope\" itemtype=\"https:\/\/schema.org\/ImageObject\"  itemprop='image'>\n\t\t\t\t\t   <span itemprop='url' >http:\/\/sitiems.org\/wp-content\/uploads\/2024\/11\/directorio.png<\/span>\n\t\t\t\t\t   <span itemprop='height' >832<\/span>\n\t\t\t\t\t   <span itemprop='width' >1067<\/span>\n\t\t\t\t  <\/span><span class='av-structured-data'  itemprop=\"publisher\" itemtype=\"https:\/\/schema.org\/Organization\" itemscope=\"itemscope\" >\n\t\t\t\t<span itemprop='name'>administrador<\/span>\n\t\t\t\t<span itemprop='logo' itemscope itemtype='https:\/\/schema.org\/ImageObject'>\n\t\t\t\t   <span itemprop='url'>http:\/\/sitiems.org\/wp-content\/uploads\/2023\/08\/logo_siti.png<\/span>\n\t\t\t\t <\/span>\n\t\t\t  <\/span><span class='av-structured-data'  itemprop=\"author\" itemscope=\"itemscope\" itemtype=\"https:\/\/schema.org\/Person\" ><span itemprop='name'>administrador<\/span><\/span><span class='av-structured-data'  itemprop=\"datePublished\" datetime=\"2023-10-25T17:21:42+00:00\" >2024-11-14 00:05:59<\/span><span class='av-structured-data'  itemprop=\"dateModified\" itemtype=\"https:\/\/schema.org\/dateModified\" >2024-11-14 00:06:00<\/span><span class='av-structured-data'  itemprop=\"mainEntityOfPage\" itemtype=\"https:\/\/schema.org\/mainEntityOfPage\" ><span itemprop='name'>DIRECTORIO 2023-2026<\/span><\/span><\/span><\/article><article class='slide-entry flex_column  post-entry post-entry-5637 slide-entry-overview slide-loop-5 slide-parity-even  av_one_third  real-thumbnail'  itemscope=\"itemscope\" itemtype=\"https:\/\/schema.org\/BlogPosting\" itemprop=\"blogPost\" ><a href='http:\/\/sitiems.org\/index.php\/sgral\/item\/modificacion-de-directiva-2023-2026\/' data-rel='slide-1' class='slide-image' title=''><img width=\"495\" height=\"400\" src=\"http:\/\/sitiems.org\/wp-content\/uploads\/2024\/11\/principios-495x400.png\" class=\"attachment-portfolio size-portfolio wp-post-image\" alt=\"\" decoding=\"async\" \/><\/a><div class='slide-content'><header class=\"entry-content-header\"><span class=\"blog-categories minor-meta\"><a href=\"http:\/\/sitiems.org\/index.php\/category\/sgral\/\" rel=\"tag\">S General<\/a> <\/span><h3 class='slide-entry-title entry-title '  itemprop=\"headline\" ><a href='http:\/\/sitiems.org\/index.php\/sgral\/item\/modificacion-de-directiva-2023-2026\/' title='MODIFICACI\u00d3N DE DIRECTIVA 2023-2026'>MODIFICACI\u00d3N DE DIRECTIVA 2023-2026<\/a><\/h3><span class=\"av-vertical-delimiter\"><\/span><\/header><div class='slide-entry-excerpt entry-content'  itemprop=\"text\" >\n\n\n\n\n\n<\/div><\/div><footer class=\"entry-footer\"><div class='slide-meta'><time class='slide-meta-time updated'  itemprop=\"datePublished\" datetime=\"2024-11-14T00:02:21+00:00\" ><\/time><\/div><\/footer><span class='hidden'>\n\t\t\t<span class='av-structured-data'  itemprop=\"image\" itemscope=\"itemscope\" itemtype=\"https:\/\/schema.org\/ImageObject\"  itemprop='image'>\n\t\t\t\t\t   <span itemprop='url' >http:\/\/sitiems.org\/wp-content\/uploads\/2024\/11\/principios.png<\/span>\n\t\t\t\t\t   <span itemprop='height' >923<\/span>\n\t\t\t\t\t   <span itemprop='width' >742<\/span>\n\t\t\t\t  <\/span><span class='av-structured-data'  itemprop=\"publisher\" itemtype=\"https:\/\/schema.org\/Organization\" itemscope=\"itemscope\" >\n\t\t\t\t<span itemprop='name'>administrador<\/span>\n\t\t\t\t<span itemprop='logo' itemscope itemtype='https:\/\/schema.org\/ImageObject'>\n\t\t\t\t   <span itemprop='url'>http:\/\/sitiems.org\/wp-content\/uploads\/2023\/08\/logo_siti.png<\/span>\n\t\t\t\t <\/span>\n\t\t\t  <\/span><span class='av-structured-data'  itemprop=\"author\" itemscope=\"itemscope\" itemtype=\"https:\/\/schema.org\/Person\" ><span itemprop='name'>administrador<\/span><\/span><span class='av-structured-data'  itemprop=\"datePublished\" datetime=\"2023-10-25T17:21:42+00:00\" >2024-11-14 00:02:21<\/span><span class='av-structured-data'  itemprop=\"dateModified\" itemtype=\"https:\/\/schema.org\/dateModified\" >2024-11-14 00:02:21<\/span><span class='av-structured-data'  itemprop=\"mainEntityOfPage\" itemtype=\"https:\/\/schema.org\/mainEntityOfPage\" ><span itemprop='name'>MODIFICACI\u00d3N DE DIRECTIVA 2023-2026<\/span><\/span><\/span><\/article><article class='slide-entry flex_column  post-entry post-entry-5617 slide-entry-overview slide-loop-6 slide-parity-odd  av_one_third  real-thumbnail'  itemscope=\"itemscope\" itemtype=\"https:\/\/schema.org\/BlogPosting\" itemprop=\"blogPost\" ><a href='http:\/\/sitiems.org\/index.php\/sgral\/item\/segundo-informe\/' data-rel='slide-1' class='slide-image' title=''><img width=\"495\" height=\"400\" src=\"http:\/\/sitiems.org\/wp-content\/uploads\/2024\/11\/informe2-495x400.png\" class=\"attachment-portfolio size-portfolio wp-post-image\" alt=\"\" decoding=\"async\" \/><\/a><div class='slide-content'><header class=\"entry-content-header\"><span class=\"blog-categories minor-meta\"><a href=\"http:\/\/sitiems.org\/index.php\/category\/sgral\/\" rel=\"tag\">S General<\/a> <\/span><h3 class='slide-entry-title entry-title '  itemprop=\"headline\" ><a href='http:\/\/sitiems.org\/index.php\/sgral\/item\/segundo-informe\/' title='Segundo Informe'>Segundo Informe<\/a><\/h3><span class=\"av-vertical-delimiter\"><\/span><\/header><div class='slide-entry-excerpt entry-content'  itemprop=\"text\" >\n\n\n\n\n\n<\/div><\/div><footer class=\"entry-footer\"><div class='slide-meta'><time class='slide-meta-time updated'  itemprop=\"datePublished\" datetime=\"2024-11-08T22:07:07+00:00\" ><\/time><\/div><\/footer><span class='hidden'>\n\t\t\t<span class='av-structured-data'  itemprop=\"image\" itemscope=\"itemscope\" itemtype=\"https:\/\/schema.org\/ImageObject\"  itemprop='image'>\n\t\t\t\t\t   <span itemprop='url' >http:\/\/sitiems.org\/wp-content\/uploads\/2024\/11\/informe2.png<\/span>\n\t\t\t\t\t   <span itemprop='height' >783<\/span>\n\t\t\t\t\t   <span itemprop='width' >599<\/span>\n\t\t\t\t  <\/span><span class='av-structured-data'  itemprop=\"publisher\" itemtype=\"https:\/\/schema.org\/Organization\" itemscope=\"itemscope\" >\n\t\t\t\t<span itemprop='name'>administrador<\/span>\n\t\t\t\t<span itemprop='logo' itemscope itemtype='https:\/\/schema.org\/ImageObject'>\n\t\t\t\t   <span itemprop='url'>http:\/\/sitiems.org\/wp-content\/uploads\/2023\/08\/logo_siti.png<\/span>\n\t\t\t\t <\/span>\n\t\t\t  <\/span><span class='av-structured-data'  itemprop=\"author\" itemscope=\"itemscope\" itemtype=\"https:\/\/schema.org\/Person\" ><span itemprop='name'>administrador<\/span><\/span><span class='av-structured-data'  itemprop=\"datePublished\" datetime=\"2023-10-25T17:21:42+00:00\" >2024-11-08 22:07:07<\/span><span class='av-structured-data'  itemprop=\"dateModified\" itemtype=\"https:\/\/schema.org\/dateModified\" >2024-11-08 22:14:45<\/span><span class='av-structured-data'  itemprop=\"mainEntityOfPage\" itemtype=\"https:\/\/schema.org\/mainEntityOfPage\" ><span itemprop='name'>Segundo Informe<\/span><\/span><\/span><\/article><\/div><div class='slide-entry-wrap'><article class='slide-entry flex_column  post-entry post-entry-5604 slide-entry-overview slide-loop-7 slide-parity-odd  av_one_third first real-thumbnail'  itemscope=\"itemscope\" itemtype=\"https:\/\/schema.org\/BlogPosting\" itemprop=\"blogPost\" ><a href='http:\/\/sitiems.org\/index.php\/comunicacion\/item\/campana-trabajo-digno-derecho-de-las-mujeres\/' data-rel='slide-1' class='slide-image' title=''><img width=\"495\" height=\"400\" src=\"http:\/\/sitiems.org\/wp-content\/uploads\/2024\/09\/siti1-495x400.jpeg\" class=\"attachment-portfolio size-portfolio wp-post-image\" alt=\"\" decoding=\"async\" srcset=\"http:\/\/sitiems.org\/wp-content\/uploads\/2024\/09\/siti1-495x400.jpeg 495w, http:\/\/sitiems.org\/wp-content\/uploads\/2024\/09\/siti1-845x684.jpeg 845w\" sizes=\"(max-width: 495px) 100vw, 495px\" \/><\/a><div class='slide-content'><header class=\"entry-content-header\"><span class=\"blog-categories minor-meta\"><a href=\"http:\/\/sitiems.org\/index.php\/category\/comunicacion\/\" rel=\"tag\">S Comunicaci\u00f3n<\/a> <\/span><h3 class='slide-entry-title entry-title '  itemprop=\"headline\" ><a href='http:\/\/sitiems.org\/index.php\/comunicacion\/item\/campana-trabajo-digno-derecho-de-las-mujeres\/' title='Campa\u00f1a Trabajo Digno, derecho de las Mujeres'>Campa\u00f1a Trabajo Digno, derecho de las Mujeres<\/a><\/h3><span class=\"av-vertical-delimiter\"><\/span><\/header><div class='slide-entry-excerpt entry-content'  itemprop=\"text\" >\n\n\n\n\n\n<\/div><\/div><footer class=\"entry-footer\"><div class='slide-meta'><time class='slide-meta-time updated'  itemprop=\"datePublished\" datetime=\"2024-09-27T17:59:02+00:00\" ><\/time><\/div><\/footer><span class='hidden'>\n\t\t\t<span class='av-structured-data'  itemprop=\"image\" itemscope=\"itemscope\" itemtype=\"https:\/\/schema.org\/ImageObject\"  itemprop='image'>\n\t\t\t\t\t   <span itemprop='url' >http:\/\/sitiems.org\/wp-content\/uploads\/2024\/09\/siti1.jpeg<\/span>\n\t\t\t\t\t   <span itemprop='height' >1280<\/span>\n\t\t\t\t\t   <span itemprop='width' >904<\/span>\n\t\t\t\t  <\/span><span class='av-structured-data'  itemprop=\"publisher\" itemtype=\"https:\/\/schema.org\/Organization\" itemscope=\"itemscope\" >\n\t\t\t\t<span itemprop='name'>administrador<\/span>\n\t\t\t\t<span itemprop='logo' itemscope itemtype='https:\/\/schema.org\/ImageObject'>\n\t\t\t\t   <span itemprop='url'>http:\/\/sitiems.org\/wp-content\/uploads\/2023\/08\/logo_siti.png<\/span>\n\t\t\t\t <\/span>\n\t\t\t  <\/span><span class='av-structured-data'  itemprop=\"author\" itemscope=\"itemscope\" itemtype=\"https:\/\/schema.org\/Person\" ><span itemprop='name'>administrador<\/span><\/span><span class='av-structured-data'  itemprop=\"datePublished\" datetime=\"2023-10-25T17:21:42+00:00\" >2024-09-27 17:59:02<\/span><span class='av-structured-data'  itemprop=\"dateModified\" itemtype=\"https:\/\/schema.org\/dateModified\" >2024-10-18 16:11:51<\/span><span class='av-structured-data'  itemprop=\"mainEntityOfPage\" itemtype=\"https:\/\/schema.org\/mainEntityOfPage\" ><span itemprop='name'>Campa\u00f1a Trabajo Digno, derecho de las Mujeres<\/span><\/span><\/span><\/article><article class='slide-entry flex_column  post-entry post-entry-5597 slide-entry-overview slide-loop-8 slide-parity-even  av_one_third  real-thumbnail'  itemscope=\"itemscope\" itemtype=\"https:\/\/schema.org\/BlogPosting\" itemprop=\"blogPost\" ><a href='http:\/\/sitiems.org\/index.php\/sin-categoria\/item\/se-convoca-a-mitin-para-exigir-la-ejecucion-inmediata-de-laudo-ganado-por-sitiems\/' data-rel='slide-1' class='slide-image' title=''><img width=\"495\" height=\"400\" src=\"http:\/\/sitiems.org\/wp-content\/uploads\/2024\/05\/marcha1-495x400.jpeg\" class=\"attachment-portfolio size-portfolio wp-post-image\" alt=\"\" decoding=\"async\" srcset=\"http:\/\/sitiems.org\/wp-content\/uploads\/2024\/05\/marcha1-495x400.jpeg 495w, http:\/\/sitiems.org\/wp-content\/uploads\/2024\/05\/marcha1-845x684.jpeg 845w\" sizes=\"(max-width: 495px) 100vw, 495px\" \/><\/a><div class='slide-content'><header class=\"entry-content-header\"><span class=\"blog-categories minor-meta\"><a href=\"http:\/\/sitiems.org\/index.php\/category\/sin-categoria\/\" rel=\"tag\">Sin categor\u00eda<\/a> <\/span><h3 class='slide-entry-title entry-title '  itemprop=\"headline\" ><a href='http:\/\/sitiems.org\/index.php\/sin-categoria\/item\/se-convoca-a-mitin-para-exigir-la-ejecucion-inmediata-de-laudo-ganado-por-sitiems\/' title='Se convoca a mitin para exigir la ejecuci\u00f3n inmediata de laudo ganado por SITIEMS'>Se convoca a mitin para exigir la ejecuci\u00f3n inmediata de laudo ganado por SITIEMS<\/a><\/h3><span class=\"av-vertical-delimiter\"><\/span><\/header><div class='slide-entry-excerpt entry-content'  itemprop=\"text\" >\n\n\n\n\n\n\n\n\n\n<\/div><\/div><footer class=\"entry-footer\"><div class='slide-meta'><time class='slide-meta-time updated'  itemprop=\"datePublished\" datetime=\"2024-05-21T18:44:11+00:00\" ><\/time><\/div><\/footer><span class='hidden'>\n\t\t\t<span class='av-structured-data'  itemprop=\"image\" itemscope=\"itemscope\" itemtype=\"https:\/\/schema.org\/ImageObject\"  itemprop='image'>\n\t\t\t\t\t   <span itemprop='url' >http:\/\/sitiems.org\/wp-content\/uploads\/2024\/05\/marcha1.jpeg<\/span>\n\t\t\t\t\t   <span itemprop='height' >1599<\/span>\n\t\t\t\t\t   <span itemprop='width' >899<\/span>\n\t\t\t\t  <\/span><span class='av-structured-data'  itemprop=\"publisher\" itemtype=\"https:\/\/schema.org\/Organization\" itemscope=\"itemscope\" >\n\t\t\t\t<span itemprop='name'>administrador<\/span>\n\t\t\t\t<span itemprop='logo' itemscope itemtype='https:\/\/schema.org\/ImageObject'>\n\t\t\t\t   <span itemprop='url'>http:\/\/sitiems.org\/wp-content\/uploads\/2023\/08\/logo_siti.png<\/span>\n\t\t\t\t <\/span>\n\t\t\t  <\/span><span class='av-structured-data'  itemprop=\"author\" itemscope=\"itemscope\" itemtype=\"https:\/\/schema.org\/Person\" ><span itemprop='name'>administrador<\/span><\/span><span class='av-structured-data'  itemprop=\"datePublished\" datetime=\"2023-10-25T17:21:42+00:00\" >2024-05-21 18:44:11<\/span><span class='av-structured-data'  itemprop=\"dateModified\" itemtype=\"https:\/\/schema.org\/dateModified\" >2024-05-21 18:51:45<\/span><span class='av-structured-data'  itemprop=\"mainEntityOfPage\" itemtype=\"https:\/\/schema.org\/mainEntityOfPage\" ><span itemprop='name'>Se convoca a mitin para exigir la ejecuci\u00f3n inmediata de laudo ganado por SITIEMS<\/span><\/span><\/span><\/article><article class='slide-entry flex_column  post-entry post-entry-5561 slide-entry-overview slide-loop-9 slide-parity-odd  av_one_third  real-thumbnail'  itemscope=\"itemscope\" itemtype=\"https:\/\/schema.org\/BlogPosting\" itemprop=\"blogPost\" ><a href='http:\/\/sitiems.org\/index.php\/sgral\/item\/primer-informe-de-actividades\/' data-rel='slide-1' class='slide-image' title=''><img width=\"495\" height=\"400\" src=\"http:\/\/sitiems.org\/wp-content\/uploads\/2024\/01\/informe_2023-495x400.png\" class=\"attachment-portfolio size-portfolio wp-post-image\" alt=\"\" decoding=\"async\" \/><\/a><div class='slide-content'><header class=\"entry-content-header\"><span class=\"blog-categories minor-meta\"><a href=\"http:\/\/sitiems.org\/index.php\/category\/sgral\/\" rel=\"tag\">S General<\/a> <\/span><h3 class='slide-entry-title entry-title '  itemprop=\"headline\" ><a href='http:\/\/sitiems.org\/index.php\/sgral\/item\/primer-informe-de-actividades\/' title='Primer informe de actividades'>Primer informe de actividades<\/a><\/h3><span class=\"av-vertical-delimiter\"><\/span><\/header><div class='slide-entry-excerpt entry-content'  itemprop=\"text\" >\n\n\n\n\n\n<\/div><\/div><footer class=\"entry-footer\"><div class='slide-meta'><time class='slide-meta-time updated'  itemprop=\"datePublished\" datetime=\"2024-01-20T04:07:03+00:00\" ><\/time><\/div><\/footer><span class='hidden'>\n\t\t\t<span class='av-structured-data'  itemprop=\"image\" itemscope=\"itemscope\" itemtype=\"https:\/\/schema.org\/ImageObject\"  itemprop='image'>\n\t\t\t\t\t   <span itemprop='url' >http:\/\/sitiems.org\/wp-content\/uploads\/2024\/01\/informe_2023.png<\/span>\n\t\t\t\t\t   <span itemprop='height' >790<\/span>\n\t\t\t\t\t   <span itemprop='width' >597<\/span>\n\t\t\t\t  <\/span><span class='av-structured-data'  itemprop=\"publisher\" itemtype=\"https:\/\/schema.org\/Organization\" itemscope=\"itemscope\" >\n\t\t\t\t<span itemprop='name'>administrador<\/span>\n\t\t\t\t<span itemprop='logo' itemscope itemtype='https:\/\/schema.org\/ImageObject'>\n\t\t\t\t   <span itemprop='url'>http:\/\/sitiems.org\/wp-content\/uploads\/2023\/08\/logo_siti.png<\/span>\n\t\t\t\t <\/span>\n\t\t\t  <\/span><span class='av-structured-data'  itemprop=\"author\" itemscope=\"itemscope\" itemtype=\"https:\/\/schema.org\/Person\" ><span itemprop='name'>administrador<\/span><\/span><span class='av-structured-data'  itemprop=\"datePublished\" datetime=\"2023-10-25T17:21:42+00:00\" >2024-01-20 04:07:03<\/span><span class='av-structured-data'  itemprop=\"dateModified\" itemtype=\"https:\/\/schema.org\/dateModified\" >2024-01-20 04:07:04<\/span><span class='av-structured-data'  itemprop=\"mainEntityOfPage\" itemtype=\"https:\/\/schema.org\/mainEntityOfPage\" ><span itemprop='name'>Primer informe de actividades<\/span><\/span><\/span><\/article><\/div><div class='slide-entry-wrap'><article class='slide-entry flex_column  post-entry post-entry-5541 slide-entry-overview slide-loop-10 slide-parity-odd  av_one_third first real-thumbnail'  itemscope=\"itemscope\" itemtype=\"https:\/\/schema.org\/BlogPosting\" itemprop=\"blogPost\" ><a href='http:\/\/sitiems.org\/index.php\/sgral\/item\/calaveritas-literarias-2023\/' data-rel='slide-1' class='slide-image' title=''><img width=\"400\" height=\"271\" src=\"http:\/\/sitiems.org\/wp-content\/uploads\/2023\/11\/calaveritas.png\" class=\"attachment-portfolio size-portfolio wp-post-image\" alt=\"\" decoding=\"async\" srcset=\"http:\/\/sitiems.org\/wp-content\/uploads\/2023\/11\/calaveritas.png 400w, http:\/\/sitiems.org\/wp-content\/uploads\/2023\/11\/calaveritas-300x203.png 300w\" sizes=\"(max-width: 400px) 100vw, 400px\" \/><\/a><div class='slide-content'><header class=\"entry-content-header\"><span class=\"blog-categories minor-meta\"><a href=\"http:\/\/sitiems.org\/index.php\/category\/sgral\/\" rel=\"tag\">S General<\/a>, <a href=\"http:\/\/sitiems.org\/index.php\/category\/prevision_social\/\" rel=\"tag\">S Previsi\u00f3n S<\/a> <\/span><h3 class='slide-entry-title entry-title '  itemprop=\"headline\" ><a href='http:\/\/sitiems.org\/index.php\/sgral\/item\/calaveritas-literarias-2023\/' title='Calaveritas Literarias 2023'>Calaveritas Literarias 2023<\/a><\/h3><span class=\"av-vertical-delimiter\"><\/span><\/header><div class='slide-entry-excerpt entry-content'  itemprop=\"text\" >\n\n\n\n\n\n\n\n<\/div><\/div><footer class=\"entry-footer\"><div class='slide-meta'><time class='slide-meta-time updated'  itemprop=\"datePublished\" datetime=\"2023-11-12T03:29:42+00:00\" ><\/time><\/div><\/footer><span class='hidden'>\n\t\t\t<span class='av-structured-data'  itemprop=\"image\" itemscope=\"itemscope\" itemtype=\"https:\/\/schema.org\/ImageObject\"  itemprop='image'>\n\t\t\t\t\t   <span itemprop='url' >http:\/\/sitiems.org\/wp-content\/uploads\/2023\/11\/calaveritas.png<\/span>\n\t\t\t\t\t   <span itemprop='height' >271<\/span>\n\t\t\t\t\t   <span itemprop='width' >400<\/span>\n\t\t\t\t  <\/span><span class='av-structured-data'  itemprop=\"publisher\" itemtype=\"https:\/\/schema.org\/Organization\" itemscope=\"itemscope\" >\n\t\t\t\t<span itemprop='name'>administrador<\/span>\n\t\t\t\t<span itemprop='logo' itemscope itemtype='https:\/\/schema.org\/ImageObject'>\n\t\t\t\t   <span itemprop='url'>http:\/\/sitiems.org\/wp-content\/uploads\/2023\/08\/logo_siti.png<\/span>\n\t\t\t\t <\/span>\n\t\t\t  <\/span><span class='av-structured-data'  itemprop=\"author\" itemscope=\"itemscope\" itemtype=\"https:\/\/schema.org\/Person\" ><span itemprop='name'>administrador<\/span><\/span><span class='av-structured-data'  itemprop=\"datePublished\" datetime=\"2023-10-25T17:21:42+00:00\" >2023-11-12 03:29:42<\/span><span class='av-structured-data'  itemprop=\"dateModified\" itemtype=\"https:\/\/schema.org\/dateModified\" >2023-11-12 03:46:13<\/span><span class='av-structured-data'  itemprop=\"mainEntityOfPage\" itemtype=\"https:\/\/schema.org\/mainEntityOfPage\" ><span itemprop='name'>Calaveritas Literarias 2023<\/span><\/span><\/span><\/article><article class='slide-entry flex_column  post-entry post-entry-5534 slide-entry-overview slide-loop-11 slide-parity-even  av_one_third  real-thumbnail'  itemscope=\"itemscope\" itemtype=\"https:\/\/schema.org\/BlogPosting\" itemprop=\"blogPost\" ><a href='http:\/\/sitiems.org\/index.php\/comunicacion\/item\/xx-aniversario-belisario-dominguez\/' data-rel='slide-1' class='slide-image' title=''><img width=\"495\" height=\"400\" src=\"http:\/\/sitiems.org\/wp-content\/uploads\/2023\/11\/xxAnivGAM1-495x400.jpeg\" class=\"attachment-portfolio size-portfolio wp-post-image\" alt=\"\" decoding=\"async\" \/><\/a><div class='slide-content'><header class=\"entry-content-header\"><span class=\"blog-categories minor-meta\"><a href=\"http:\/\/sitiems.org\/index.php\/category\/comunicacion\/\" rel=\"tag\">S Comunicaci\u00f3n<\/a> <\/span><h3 class='slide-entry-title entry-title '  itemprop=\"headline\" ><a href='http:\/\/sitiems.org\/index.php\/comunicacion\/item\/xx-aniversario-belisario-dominguez\/' title='XX Aniversario Plantel Belisario Dom\u00ednguez'>XX Aniversario Plantel Belisario Dom\u00ednguez<\/a><\/h3><span class=\"av-vertical-delimiter\"><\/span><\/header><div class='slide-entry-excerpt entry-content'  itemprop=\"text\" >\n\n\n\n\n\n\n\n<\/div><\/div><footer class=\"entry-footer\"><div class='slide-meta'><time class='slide-meta-time updated'  itemprop=\"datePublished\" datetime=\"2023-11-11T17:28:42+00:00\" ><\/time><\/div><\/footer><span class='hidden'>\n\t\t\t<span class='av-structured-data'  itemprop=\"image\" itemscope=\"itemscope\" itemtype=\"https:\/\/schema.org\/ImageObject\"  itemprop='image'>\n\t\t\t\t\t   <span itemprop='url' >http:\/\/sitiems.org\/wp-content\/uploads\/2023\/11\/xxAnivGAM1.jpeg<\/span>\n\t\t\t\t\t   <span itemprop='height' >1024<\/span>\n\t\t\t\t\t   <span itemprop='width' >791<\/span>\n\t\t\t\t  <\/span><span class='av-structured-data'  itemprop=\"publisher\" itemtype=\"https:\/\/schema.org\/Organization\" itemscope=\"itemscope\" >\n\t\t\t\t<span itemprop='name'>administrador<\/span>\n\t\t\t\t<span itemprop='logo' itemscope itemtype='https:\/\/schema.org\/ImageObject'>\n\t\t\t\t   <span itemprop='url'>http:\/\/sitiems.org\/wp-content\/uploads\/2023\/08\/logo_siti.png<\/span>\n\t\t\t\t <\/span>\n\t\t\t  <\/span><span class='av-structured-data'  itemprop=\"author\" itemscope=\"itemscope\" itemtype=\"https:\/\/schema.org\/Person\" ><span itemprop='name'>administrador<\/span><\/span><span class='av-structured-data'  itemprop=\"datePublished\" datetime=\"2023-10-25T17:21:42+00:00\" >2023-11-11 17:28:42<\/span><span class='av-structured-data'  itemprop=\"dateModified\" itemtype=\"https:\/\/schema.org\/dateModified\" >2023-11-11 17:30:55<\/span><span class='av-structured-data'  itemprop=\"mainEntityOfPage\" itemtype=\"https:\/\/schema.org\/mainEntityOfPage\" ><span itemprop='name'>XX Aniversario Plantel Belisario Dom\u00ednguez<\/span><\/span><\/span><\/article><article class='slide-entry flex_column  post-entry post-entry-5526 slide-entry-overview slide-loop-12 slide-parity-odd  av_one_third  real-thumbnail'  itemscope=\"itemscope\" itemtype=\"https:\/\/schema.org\/BlogPosting\" itemprop=\"blogPost\" ><a href='http:\/\/sitiems.org\/index.php\/sgral\/item\/el-sitiems-lamenta-la-perdida-del-companero-y-amigo-dionicio-chavez-miranda\/' data-rel='slide-1' class='slide-image' title=''><img width=\"495\" height=\"400\" src=\"http:\/\/sitiems.org\/wp-content\/uploads\/2023\/10\/obituario-495x400.jpeg\" class=\"attachment-portfolio size-portfolio wp-post-image\" alt=\"\" decoding=\"async\" srcset=\"http:\/\/sitiems.org\/wp-content\/uploads\/2023\/10\/obituario-495x400.jpeg 495w, http:\/\/sitiems.org\/wp-content\/uploads\/2023\/10\/obituario-845x684.jpeg 845w\" sizes=\"(max-width: 495px) 100vw, 495px\" \/><\/a><div class='slide-content'><header class=\"entry-content-header\"><span class=\"blog-categories minor-meta\"><a href=\"http:\/\/sitiems.org\/index.php\/category\/sgral\/\" rel=\"tag\">S General<\/a> <\/span><h3 class='slide-entry-title entry-title '  itemprop=\"headline\" ><a href='http:\/\/sitiems.org\/index.php\/sgral\/item\/el-sitiems-lamenta-la-perdida-del-companero-y-amigo-dionicio-chavez-miranda\/' title='El SITIEMS lamenta la p\u00e9rdida del compa\u00f1ero y amigo Dionicio Chavez Miranda'>El SITIEMS lamenta la p\u00e9rdida del compa\u00f1ero y amigo Dionicio Chavez Miranda<\/a><\/h3><span class=\"av-vertical-delimiter\"><\/span><\/header><div class='slide-entry-excerpt entry-content'  itemprop=\"text\" >\n\n\n\n\n\n<\/div><\/div><footer class=\"entry-footer\"><div class='slide-meta'><time class='slide-meta-time updated'  itemprop=\"datePublished\" datetime=\"2023-10-31T17:12:19+00:00\" ><\/time><\/div><\/footer><span class='hidden'>\n\t\t\t<span class='av-structured-data'  itemprop=\"image\" itemscope=\"itemscope\" itemtype=\"https:\/\/schema.org\/ImageObject\"  itemprop='image'>\n\t\t\t\t\t   <span itemprop='url' >http:\/\/sitiems.org\/wp-content\/uploads\/2023\/10\/obituario.jpeg<\/span>\n\t\t\t\t\t   <span itemprop='height' >1280<\/span>\n\t\t\t\t\t   <span itemprop='width' >914<\/span>\n\t\t\t\t  <\/span><span class='av-structured-data'  itemprop=\"publisher\" itemtype=\"https:\/\/schema.org\/Organization\" itemscope=\"itemscope\" >\n\t\t\t\t<span itemprop='name'>administrador<\/span>\n\t\t\t\t<span itemprop='logo' itemscope itemtype='https:\/\/schema.org\/ImageObject'>\n\t\t\t\t   <span itemprop='url'>http:\/\/sitiems.org\/wp-content\/uploads\/2023\/08\/logo_siti.png<\/span>\n\t\t\t\t <\/span>\n\t\t\t  <\/span><span class='av-structured-data'  itemprop=\"author\" itemscope=\"itemscope\" itemtype=\"https:\/\/schema.org\/Person\" ><span itemprop='name'>administrador<\/span><\/span><span class='av-structured-data'  itemprop=\"datePublished\" datetime=\"2023-10-25T17:21:42+00:00\" >2023-10-31 17:12:19<\/span><span class='av-structured-data'  itemprop=\"dateModified\" itemtype=\"https:\/\/schema.org\/dateModified\" >2023-10-31 17:12:20<\/span><span class='av-structured-data'  itemprop=\"mainEntityOfPage\" itemtype=\"https:\/\/schema.org\/mainEntityOfPage\" ><span itemprop='name'>El SITIEMS lamenta la p\u00e9rdida del compa\u00f1ero y amigo Dionicio Chavez Miranda<\/span><\/span><\/span><\/article><\/div><div class='slide-entry-wrap'><article class='slide-entry flex_column  post-entry post-entry-5517 slide-entry-overview slide-loop-13 slide-parity-odd  av_one_third first real-thumbnail'  itemscope=\"itemscope\" itemtype=\"https:\/\/schema.org\/BlogPosting\" itemprop=\"blogPost\" ><a href='http:\/\/sitiems.org\/index.php\/sin-categoria\/item\/ayudemos-a-acapulco\/' data-rel='slide-1' class='slide-image' title=''><img width=\"495\" height=\"400\" src=\"http:\/\/sitiems.org\/wp-content\/uploads\/2023\/10\/aca-495x400.png\" class=\"attachment-portfolio size-portfolio wp-post-image\" alt=\"\" decoding=\"async\" \/><\/a><div class='slide-content'><header class=\"entry-content-header\"><span class=\"blog-categories minor-meta\"><a href=\"http:\/\/sitiems.org\/index.php\/category\/sin-categoria\/\" rel=\"tag\">Sin categor\u00eda<\/a> <\/span><h3 class='slide-entry-title entry-title '  itemprop=\"headline\" ><a href='http:\/\/sitiems.org\/index.php\/sin-categoria\/item\/ayudemos-a-acapulco\/' title='Ayudemos a Acapulco'>Ayudemos a Acapulco<\/a><\/h3><span class=\"av-vertical-delimiter\"><\/span><\/header><div class='slide-entry-excerpt entry-content'  itemprop=\"text\" >\n\n\n\n\n\n\n\n<\/div><\/div><footer class=\"entry-footer\"><div class='slide-meta'><time class='slide-meta-time updated'  itemprop=\"datePublished\" datetime=\"2023-10-28T23:48:30+00:00\" ><\/time><\/div><\/footer><span class='hidden'>\n\t\t\t<span class='av-structured-data'  itemprop=\"image\" itemscope=\"itemscope\" itemtype=\"https:\/\/schema.org\/ImageObject\"  itemprop='image'>\n\t\t\t\t\t   <span itemprop='url' >http:\/\/sitiems.org\/wp-content\/uploads\/2023\/10\/aca.png<\/span>\n\t\t\t\t\t   <span itemprop='height' >931<\/span>\n\t\t\t\t\t   <span itemprop='width' >660<\/span>\n\t\t\t\t  <\/span><span class='av-structured-data'  itemprop=\"publisher\" itemtype=\"https:\/\/schema.org\/Organization\" itemscope=\"itemscope\" >\n\t\t\t\t<span itemprop='name'>administrador<\/span>\n\t\t\t\t<span itemprop='logo' itemscope itemtype='https:\/\/schema.org\/ImageObject'>\n\t\t\t\t   <span itemprop='url'>http:\/\/sitiems.org\/wp-content\/uploads\/2023\/08\/logo_siti.png<\/span>\n\t\t\t\t <\/span>\n\t\t\t  <\/span><span class='av-structured-data'  itemprop=\"author\" itemscope=\"itemscope\" itemtype=\"https:\/\/schema.org\/Person\" ><span itemprop='name'>administrador<\/span><\/span><span class='av-structured-data'  itemprop=\"datePublished\" datetime=\"2023-10-25T17:21:42+00:00\" >2023-10-28 23:48:30<\/span><span class='av-structured-data'  itemprop=\"dateModified\" itemtype=\"https:\/\/schema.org\/dateModified\" >2023-10-28 23:50:56<\/span><span class='av-structured-data'  itemprop=\"mainEntityOfPage\" itemtype=\"https:\/\/schema.org\/mainEntityOfPage\" ><span itemprop='name'>Ayudemos a Acapulco<\/span><\/span><\/span><\/article><article class='slide-entry flex_column  post-entry post-entry-5502 slide-entry-overview slide-loop-14 slide-parity-even  av_one_third  real-thumbnail'  itemscope=\"itemscope\" itemtype=\"https:\/\/schema.org\/BlogPosting\" itemprop=\"blogPost\" ><a href='http:\/\/sitiems.org\/index.php\/prevision_social\/item\/formato-prestamo\/' data-rel='slide-1' class='slide-image' title=''><img width=\"495\" height=\"400\" src=\"http:\/\/sitiems.org\/wp-content\/uploads\/2023\/10\/prestamo-495x400.png\" class=\"attachment-portfolio size-portfolio wp-post-image\" alt=\"\" decoding=\"async\" \/><\/a><div class='slide-content'><header class=\"entry-content-header\"><span class=\"blog-categories minor-meta\"><a href=\"http:\/\/sitiems.org\/index.php\/category\/prevision_social\/\" rel=\"tag\">S Previsi\u00f3n S<\/a> <\/span><h3 class='slide-entry-title entry-title '  itemprop=\"headline\" ><a href='http:\/\/sitiems.org\/index.php\/prevision_social\/item\/formato-prestamo\/' title='Formato Pr\u00e9stamo'>Formato Pr\u00e9stamo<\/a><\/h3><span class=\"av-vertical-delimiter\"><\/span><\/header><div class='slide-entry-excerpt entry-content'  itemprop=\"text\" >\n\n\n\n\n\n<\/div><\/div><footer class=\"entry-footer\"><div class='slide-meta'><time class='slide-meta-time updated'  itemprop=\"datePublished\" datetime=\"2023-10-25T17:28:13+00:00\" ><\/time><\/div><\/footer><span class='hidden'>\n\t\t\t<span class='av-structured-data'  itemprop=\"image\" itemscope=\"itemscope\" itemtype=\"https:\/\/schema.org\/ImageObject\"  itemprop='image'>\n\t\t\t\t\t   <span itemprop='url' >http:\/\/sitiems.org\/wp-content\/uploads\/2023\/10\/prestamo.png<\/span>\n\t\t\t\t\t   <span itemprop='height' >898<\/span>\n\t\t\t\t\t   <span itemprop='width' >698<\/span>\n\t\t\t\t  <\/span><span class='av-structured-data'  itemprop=\"publisher\" itemtype=\"https:\/\/schema.org\/Organization\" itemscope=\"itemscope\" >\n\t\t\t\t<span itemprop='name'>administrador<\/span>\n\t\t\t\t<span itemprop='logo' itemscope itemtype='https:\/\/schema.org\/ImageObject'>\n\t\t\t\t   <span itemprop='url'>http:\/\/sitiems.org\/wp-content\/uploads\/2023\/08\/logo_siti.png<\/span>\n\t\t\t\t <\/span>\n\t\t\t  <\/span><span class='av-structured-data'  itemprop=\"author\" itemscope=\"itemscope\" itemtype=\"https:\/\/schema.org\/Person\" ><span itemprop='name'>administrador<\/span><\/span><span class='av-structured-data'  itemprop=\"datePublished\" datetime=\"2023-10-25T17:21:42+00:00\" >2023-10-25 17:28:13<\/span><span class='av-structured-data'  itemprop=\"dateModified\" itemtype=\"https:\/\/schema.org\/dateModified\" >2023-10-25 17:29:32<\/span><span class='av-structured-data'  itemprop=\"mainEntityOfPage\" itemtype=\"https:\/\/schema.org\/mainEntityOfPage\" ><span itemprop='name'>Formato Pr\u00e9stamo<\/span><\/span><\/span><\/article><article class='slide-entry flex_column  post-entry post-entry-5499 slide-entry-overview slide-loop-15 slide-parity-odd  post-entry-last  av_one_third  real-thumbnail'  itemscope=\"itemscope\" itemtype=\"https:\/\/schema.org\/BlogPosting\" itemprop=\"blogPost\" ><a href='http:\/\/sitiems.org\/index.php\/prevision_social\/item\/hoja-y-pase-clidda\/' data-rel='slide-1' class='slide-image' title=''><img width=\"495\" height=\"400\" src=\"http:\/\/sitiems.org\/wp-content\/uploads\/2023\/10\/clidda-495x400.png\" class=\"attachment-portfolio size-portfolio wp-post-image\" alt=\"\" decoding=\"async\" \/><\/a><div class='slide-content'><header class=\"entry-content-header\"><span class=\"blog-categories minor-meta\"><a href=\"http:\/\/sitiems.org\/index.php\/category\/prevision_social\/\" rel=\"tag\">S Previsi\u00f3n S<\/a> <\/span><h3 class='slide-entry-title entry-title '  itemprop=\"headline\" ><a href='http:\/\/sitiems.org\/index.php\/prevision_social\/item\/hoja-y-pase-clidda\/' title='Hoja y pase CLIDDA'>Hoja y pase CLIDDA<\/a><\/h3><span class=\"av-vertical-delimiter\"><\/span><\/header><div class='slide-entry-excerpt entry-content'  itemprop=\"text\" >\n\n\n\n\n\n\n\n\n\n<\/div><\/div><footer class=\"entry-footer\"><div class='slide-meta'><time class='slide-meta-time updated'  itemprop=\"datePublished\" datetime=\"2023-10-25T17:21:42+00:00\" ><\/time><\/div><\/footer><span class='hidden'>\n\t\t\t<span class='av-structured-data'  itemprop=\"image\" itemscope=\"itemscope\" itemtype=\"https:\/\/schema.org\/ImageObject\"  itemprop='image'>\n\t\t\t\t\t   <span itemprop='url' >http:\/\/sitiems.org\/wp-content\/uploads\/2023\/10\/clidda.png<\/span>\n\t\t\t\t\t   <span itemprop='height' >840<\/span>\n\t\t\t\t\t   <span itemprop='width' >654<\/span>\n\t\t\t\t  <\/span><span class='av-structured-data'  itemprop=\"publisher\" itemtype=\"https:\/\/schema.org\/Organization\" itemscope=\"itemscope\" >\n\t\t\t\t<span itemprop='name'>administrador<\/span>\n\t\t\t\t<span itemprop='logo' itemscope itemtype='https:\/\/schema.org\/ImageObject'>\n\t\t\t\t   <span itemprop='url'>http:\/\/sitiems.org\/wp-content\/uploads\/2023\/08\/logo_siti.png<\/span>\n\t\t\t\t <\/span>\n\t\t\t  <\/span><span class='av-structured-data'  itemprop=\"author\" itemscope=\"itemscope\" itemtype=\"https:\/\/schema.org\/Person\" ><span itemprop='name'>administrador<\/span><\/span><span class='av-structured-data'  itemprop=\"datePublished\" datetime=\"2023-10-25T17:21:42+00:00\" >2023-10-25 17:21:42<\/span><span class='av-structured-data'  itemprop=\"dateModified\" itemtype=\"https:\/\/schema.org\/dateModified\" >2023-10-25 17:46:08<\/span><span class='av-structured-data'  itemprop=\"mainEntityOfPage\" itemtype=\"https:\/\/schema.org\/mainEntityOfPage\" ><span itemprop='name'>Hoja y pase CLIDDA<\/span><\/span><\/span><\/article><\/div><\/div><\/div>\n<\/div><\/div><\/div><!-- close content main div --><\/div><\/div><div id='av_section_1' class='avia-section main_color avia-section-no-padding avia-no-border-styling avia-bg-style-scroll    av-minimum-height av-minimum-height-30  container_wrap sidebar_right' style='background-color: rgba(10,10,10,0.88);  margin-top:30px; margin-bottom:30px; '   data-av_minimum_height_pc='30'><div class='container' ><div class='template-page content  av-content-small alpha units'><div class='post-entry post-entry-type-page post-entry-330'><div class='entry-content-wrapper clearfix'>\n<div class=\"flex_column av_one_fifth  flex_column_div av-zero-column-padding first  \" style='border-radius:0px; '><\/div><div class=\"flex_column av_one_fifth  flex_column_div av-zero-column-padding   \" style='border-radius:0px; '><\/div><div class=\"flex_column av_one_fifth  flex_column_div av-zero-column-padding   \" style='border-radius:0px; '><span class=\"av_font_icon avia_animate_when_visible avia-icon-animate  av-icon-style-border  avia-icon-pos-center \" style=\"color:#ffffff; border-color:#ffffff;\"><a href='https:\/\/www.facebook.com\/Sria-De-Comunicaci%C3%B3n-Relaciones-Con-el-Exterior-y-Solidaridad-Sitiems-744637149054404\/'  target=\"_blank\"   class='av-icon-char' style='font-size:40px;line-height:40px;width:40px;' aria-hidden='true' data-av_icon='\ue8f5' data-av_iconfont='entypo-fontello' ><\/a><\/span><\/div><div class=\"flex_column av_one_fifth  flex_column_div av-zero-column-padding   \" style='border-radius:0px; '><\/div><div class=\"flex_column av_one_fifth  flex_column_div av-zero-column-padding   \" style='border-radius:0px; '><\/div>\n<\/div><\/div><\/div><!-- close content main div --><\/div><\/div><div id='after_section_1' class='main_color av_default_container_wrap container_wrap sidebar_right' style=' '  ><div class='container' ><div class='template-page content  av-content-small alpha units'><div class='post-entry post-entry-type-page post-entry-330'><div class='entry-content-wrapper clearfix'>\n ","protected":false},"excerpt":{"rendered":"","protected":false},"author":1,"featured_media":0,"parent":0,"menu_order":0,"comment_status":"closed","ping_status":"open","template":"","meta":{"footnotes":""},"_links":{"self":[{"href":"http:\/\/sitiems.org\/index.php\/wp-json\/wp\/v2\/pages\/330"}],"collection":[{"href":"http:\/\/sitiems.org\/index.php\/wp-json\/wp\/v2\/pages"}],"about":[{"href":"http:\/\/sitiems.org\/index.php\/wp-json\/wp\/v2\/types\/page"}],"author":[{"embeddable":true,"href":"http:\/\/sitiems.org\/index.php\/wp-json\/wp\/v2\/users\/1"}],"replies":[{"embeddable":true,"href":"http:\/\/sitiems.org\/index.php\/wp-json\/wp\/v2\/comments?post=330"}],"version-history":[{"count":115,"href":"http:\/\/sitiems.org\/index.php\/wp-json\/wp\/v2\/pages\/330\/revisions"}],"predecessor-version":[{"id":5596,"href":"http:\/\/sitiems.org\/index.php\/wp-json\/wp\/v2\/pages\/330\/revisions\/5596"}],"wp:attachment":[{"href":"http:\/\/sitiems.org\/index.php\/wp-json\/wp\/v2\/media?parent=330"}],"curies":[{"name":"wp","href":"https:\/\/api.w.org\/{rel}","templated":true}]}}